{"id":1112,"date":"2025-06-11T08:06:13","date_gmt":"2025-06-11T08:06:13","guid":{"rendered":"https:\/\/estac.hybride.dev\/inici\/"},"modified":"2026-01-14T10:40:25","modified_gmt":"2026-01-14T10:40:25","slug":"inici","status":"publish","type":"page","link":"https:\/\/estac.eu\/ca\/","title":{"rendered":"Inici"},"content":{"rendered":"\n<div class=\"wp-block-uagb-container uagb-layout-grid uagb-block-0a3c038c alignfull uagb-is-root-container\"><div class=\"uagb-container-inner-blocks-wrap\">\n<div class=\"wp-block-uagb-advanced-heading uagb-block-68c7b934\"><p class=\"uagb-desc-text\">ESTAC: Espai transfronterer d&#8217;educaci\u00f3 i investigaci\u00f3<\/p><h1 class=\"uagb-heading-text\">Per compartir coneixements entre Perpiny\u00e0 i Girona<\/h1><\/div>\n\n\n\n<div class=\"wp-block-uagb-buttons uagb-buttons__outer-wrap uagb-btn__default-btn uagb-btn-tablet__default-btn uagb-btn-mobile__default-btn uagb-block-1b1bbd20\"><div class=\"uagb-buttons__wrap uagb-buttons-layout-wrap \">\n<div class=\"wp-block-uagb-buttons-child uagb-buttons__outer-wrap uagb-block-990eb5a8 wp-block-button\"><div class=\"uagb-button__wrapper\"><a class=\"uagb-buttons-repeater wp-block-button__link\" aria-label=\"\" href=\"https:\/\/estac.eu\/ca\/contacte\/\" rel=\"follow noopener\" target=\"_self\" role=\"button\"><div class=\"uagb-button__link\">CONTACTEU-NOS<\/div><\/a><\/div><\/div>\n<\/div><\/div>\n\n\n\n<div class=\"wp-block-uagb-container uagb-layout-grid uagb-block-a3676eea\">\n<div class=\"wp-block-uagb-image uagb-block-edde58d1 wp-block-uagb-image--layout-default wp-block-uagb-image--effect-static wp-block-uagb-image--align-none\"><figure class=\"wp-block-uagb-image__figure\"><img decoding=\"async\" srcset=\"https:\/\/estac.eu\/wp-content\/uploads\/2025\/09\/Campus-Moulin-a-Vent-Perpignan-1-819x1024.jpg ,https:\/\/estac.eu\/wp-content\/uploads\/2025\/09\/Campus-Moulin-a-Vent-Perpignan-1.jpg 780w, https:\/\/estac.eu\/wp-content\/uploads\/2025\/09\/Campus-Moulin-a-Vent-Perpignan-1.jpg 360w\" sizes=\"auto, (max-width: 480px) 150px\" src=\"https:\/\/estac.eu\/wp-content\/uploads\/2025\/09\/Campus-Moulin-a-Vent-Perpignan-1-819x1024.jpg\" alt=\"\" class=\"uag-image-1237\" width=\"384\" height=\"400\" title=\"Campus Moulin-\u00e0-Vent - Perpignan (1)\" loading=\"lazy\" role=\"img\"><\/figure><\/div>\n\n\n\n<div class=\"wp-block-uagb-image uagb-block-18e746cf wp-block-uagb-image--layout-default wp-block-uagb-image--effect-static wp-block-uagb-image--align-none\"><figure class=\"wp-block-uagb-image__figure\"><img decoding=\"async\" srcset=\"https:\/\/estac.eu\/wp-content\/uploads\/2025\/09\/1757010311203-1-1024x771.jpg ,https:\/\/estac.eu\/wp-content\/uploads\/2025\/09\/1757010311203-1.jpg 780w, https:\/\/estac.eu\/wp-content\/uploads\/2025\/09\/1757010311203-1.jpg 360w\" sizes=\"auto, (max-width: 480px) 150px\" src=\"https:\/\/estac.eu\/wp-content\/uploads\/2025\/09\/1757010311203-1-1024x771.jpg\" alt=\"\" class=\"uag-image-1236\" width=\"792\" height=\"400\" title=\"1757010311203\" loading=\"lazy\" role=\"img\"><\/figure><\/div>\n<\/div>\n<\/div><\/div>\n\n<div class=\"wp-block-uagb-container uagb-block-9223ae49 alignfull uagb-is-root-container\"><div class=\"uagb-container-inner-blocks-wrap\">\n<div class=\"wp-block-uagb-container uagb-block-7fb95256\">\n<div class=\"wp-block-uagb-counter uagb-block-3efdb008 wp-block-uagb-counter--number\"><div class=\"wp-block-uagb-counter__number\"><span class=\"uagb-counter-block-number\" data-duration=\"1.5\" data-to-value=\"5\" data-from-value=\"0\" data-delimiter=\",\"><\/span><span class=\"uagb-counter-block-suffix\">  accions  <\/span><\/div><div class=\"wp-block-uagb-counter__title\">materialitzades a trav\u00e9s d&#8217;una multitud d&#8217;activitats:<br>seminaris de recerca<br>confer\u00e8ncies i publicacions cient\u00edfiques i gran p\u00fablic<br>podcasts<br>exposicions<br>aproximaci\u00f3 de les bases de dades&#8230;<\/div><\/div>\n<\/div>\n\n\n\n<div class=\"wp-block-uagb-container uagb-block-dcfdbf80\">\n<div class=\"wp-block-uagb-counter uagb-block-f8b6e847 wp-block-uagb-counter--number\"><div class=\"wp-block-uagb-counter__number\"><span class=\"uagb-counter-block-number\" data-duration=\"1.5\" data-to-value=\"3\" data-from-value=\"0\" data-delimiter=\",\"><\/span><span class=\"uagb-counter-block-suffix\">  laboratoris<\/span><\/div><div class=\"wp-block-uagb-counter__title\">implicats:<br>Groupe d&#8217;Histoire Sociale (GHS-UMR5136 FRAMESPA)<br>Grup d&#8217;Estudis Culturals, Art\u00edstics i Pol\u00edtics<br>Grup de Recerca en Hist\u00f2ria de les Societats Rurals<\/div><\/div>\n<\/div>\n\n\n\n<div class=\"wp-block-uagb-container uagb-block-5f787219\">\n<div class=\"wp-block-uagb-counter uagb-block-370bf950 wp-block-uagb-counter--number\"><div class=\"wp-block-uagb-counter__number\"><span class=\"uagb-counter-block-number\" data-duration=\"1.5\" data-to-value=\"2\" data-from-value=\"0\" data-delimiter=\",\"><\/span><span class=\"uagb-counter-block-suffix\">  universitats<\/span><\/div><div class=\"wp-block-uagb-counter__title\">associades de llarga data, disposades a enfortir i estructurar la seva cooperaci\u00f3:<br>Universitat Via Domitia de Perpiny\u00e0 (UPVD)<br>Universitat de Girona (UdG)<br><\/div><\/div>\n<\/div>\n<\/div><\/div>\n\n<div class=\"wp-block-uagb-container uagb-layout-grid uagb-block-fe5c787f alignfull uagb-is-root-container\"><div class=\"uagb-container-inner-blocks-wrap\">\n<div class=\"wp-block-uagb-container uagb-block-303c5081\">\n<div class=\"wp-block-uagb-info-box uagb-block-7e70af55 uagb-infobox__content-wrap  uagb-infobox-icon-above-title uagb-infobox-image-valign-top wp-block-uagb-info-box--has-margin\"><div class=\"uagb-infobox-margin-wrapper\"><div class=\"uagb-ifb-content\"><div class=\"uagb-ifb-title-wrap\"><h2 class=\"uagb-ifb-title\">Una cooperaci\u00f3 sostenible entre tres laboratoris <\/h2><\/div><p class=\"uagb-ifb-desc\">Liderat per la Universitat de Perpiny\u00e0 Via Domitia (UPVD) en col\u00b7laboraci\u00f3 amb la Universitat de Girona (UdG), ESTAC estructura una cooperaci\u00f3 sostenible entre tres laboratoris d&#8217;humanitats i ci\u00e8ncies socials. Finan\u00e7at per la Uni\u00f3 Europea a trav\u00e9s del Programa Interreg VI-A Espanya-Fran\u00e7a-Andorra (POCTEFA 2021-2027), el projecte t\u00e9 com a objectiu crear, durant els propers tres anys (2025-2027), una xarxa transfronterera de recerca, d&#8217;ensenyament superior i de valoritzaci\u00f3 a l&#8217;espai catal\u00e0 transfronterer (EsCaT). <\/p><div class=\"uagb-ifb-button-wrapper wp-block-button\"><a href=\"https:\/\/estac.eu\/ca\/el-projecte\/\" class=\"uagb-infobox-cta-link ast-outline-button\" target=\"_self\" rel=\"noopener noreferrer\" style=\"border-width:revert-layer\" onclick=\"return true;\"><span class=\"uagb-inline-editing\">ampliar not\u00edcia<\/span><\/a><\/div><\/div><\/div><\/div>\n<\/div>\n\n\n\n<div class=\"wp-block-uagb-container uagb-block-82afe9d6\">\n<div class=\"wp-block-uagb-separator uagb-block-efef28ce\"><div class=\"wp-block-uagb-separator__inner\" style=\"--my-background-image:\"><\/div><\/div>\n\n\n\n<div class=\"wp-block-uagb-advanced-heading uagb-block-9139c0f2\"><h3 class=\"uagb-heading-text\">Accions conjuntes de formaci\u00f3, seminaris de recerca i base de dades compartida.<\/h3><\/div>\n<\/div>\n<\/div><\/div>\n\n<div class=\"wp-block-uagb-container uagb-block-29cc36e7 alignfull uagb-is-root-container\"><div class=\"uagb-container-inner-blocks-wrap\">\n<div class=\"wp-block-uagb-advanced-heading uagb-block-6d956302\"><h2 class=\"uagb-heading-text\">Not\u00edcies<\/h2><\/div>\n\n\n\n<div class=\"wp-block-uagb-container uagb-block-edac0ad3\">\n<p class=\"has-text-align-center has-ast-global-color-5-color has-text-color has-link-color wp-elements-76b37d843bc1d0dc132b97fe04a04ad8\">Mantingui&#8217;s informat de les \u00faltimes not\u00edcies i esdeveniments ESTAC. Aqu\u00ed trobareu tot el que cal saber sobre la nostra activitat, els nostres projectes en curs i el que fa l&#8217;actualitat del moment. <\/p>\n<\/div>\n\n\n\n\t\t\t<div class=\"wp-block-uagb-post-carousel uagb-post-grid  uagb-post__image-position-top uagb-post__image-enabled uagb-block-a8e0f4b1     uagb-post__arrow-outside uagb-slick-carousel uagb-post__items uagb-post__columns-2 is-carousel uagb-post__columns-tablet-2 uagb-post__columns-mobile-1 uagb-post__carousel_equal-height\" data-total=\"2\" style=\"\">\n\n\t\t\t\t\t\t\t\t\t\t\t\t<article class=\"uagb-post__inner-wrap\">\t\t\t\t\t\t\t\t<div class='uagb-post__image'>\n\t\t\t\t\t\t\t\t\t<a href=\"https:\/\/estac.eu\/ca\/seminaire-dhistoria-social-de-leconomia-marc-august-muntanya-massana-el-bestiar-i-la-terra-practiques-comunals-propietat-i-individualisme-agrari-a-la-catalunya-del-segle-xvii\/\" target=\"_self\" rel=\"bookmark noopener noreferrer\"><img loading=\"lazy\" decoding=\"async\" width=\"1024\" height=\"682\" src=\"https:\/\/estac.eu\/wp-content\/uploads\/2026\/03\/GN19926-1024x682.jpeg\" class=\"attachment-large size-large\" alt=\"\" srcset=\"https:\/\/estac.eu\/wp-content\/uploads\/2026\/03\/GN19926-1024x682.jpeg 1024w, https:\/\/estac.eu\/wp-content\/uploads\/2026\/03\/GN19926-300x200.jpeg 300w, https:\/\/estac.eu\/wp-content\/uploads\/2026\/03\/GN19926-768x512.jpeg 768w, https:\/\/estac.eu\/wp-content\/uploads\/2026\/03\/GN19926.jpeg 1280w\" sizes=\"auto, (max-width: 1024px) 100vw, 1024px\" \/>\t\t\t\t\t<\/a>\n\t\t\t\t\t\t\t\t\t<\/div>\n\t\t\t\t\t\t<h3 class=\"uagb-post__title uagb-post__text\">\n\t\t\t\t<a href=\"https:\/\/estac.eu\/ca\/seminaire-dhistoria-social-de-leconomia-marc-august-muntanya-massana-el-bestiar-i-la-terra-practiques-comunals-propietat-i-individualisme-agrari-a-la-catalunya-del-segle-xvii\/\" target=\"_self\" rel=\"bookmark noopener noreferrer\">S\u00e9minaire d&#8217;Hist\u00f2ria social de l\u2019economia, Marc August Muntanya Massana: &#8220;El bestiar i la terra: pr\u00e0ctiques comunals, propietat i individualisme agrari a la Catalunya del segle XVII\u201d<\/a>\n\t\t\t<\/h3>\n\t\t\t\t\t\t<div class='uagb-post__text uagb-post-grid-byline'>\n\t\t\t\t\t\t\t\t<time datetime=\"2026-03-11T16:33:28+00:00\" class=\"uagb-post__date\">\n\t\t\t\t<span class=\"dashicons-calendar dashicons\"><\/span>\t\t\t\t\t11 de mar\u00e7 de 2026\t\t\t\t<\/time>\n\t\t\t\t\t\t<\/div>\n\t\t\t\t\t\t\t<div class='uagb-post__text uagb-post__excerpt'>\n\t\t\t\t\t<p>Mercredi 18 mars 2026 de 16h \u00e0 18h \u00e0 l&#8217;Universit\u00e9 de Perpignan Via Domitia, Marc&#8230;\t\t\t\t<\/div>\n\t\t\t\t\t\t<div class=\"uagb-post__text uagb-post__cta wp-block-button\">\n\t\t\t\t<a class=\"wp-block-button__link uagb-text-link\" style=\"\" href=\"https:\/\/estac.eu\/ca\/seminaire-dhistoria-social-de-leconomia-marc-august-muntanya-massana-el-bestiar-i-la-terra-practiques-comunals-propietat-i-individualisme-agrari-a-la-catalunya-del-segle-xvii\/\" target=\"_self\" rel=\"bookmark noopener noreferrer\">Read More<\/a>\n\t\t\t<\/div>\n\t\t\t\n\t\t\t\t\t\t\t\t\t<\/article>\n\t\t\t\t\t\t\t\t\t\t\t\t\t\t\t\t<article class=\"uagb-post__inner-wrap\">\t\t\t\t\t\t\t\t<div class='uagb-post__image'>\n\t\t\t\t\t\t\t\t\t<a href=\"https:\/\/estac.eu\/ca\/una-jornada-a-vallespir-fenolhet-i-conflent-per-examinar-in-situ-diverses-obres-incloses-en-el-projecte-lexposicio\/\" target=\"_self\" rel=\"bookmark noopener noreferrer\"><img loading=\"lazy\" decoding=\"async\" width=\"1024\" height=\"770\" src=\"https:\/\/estac.eu\/wp-content\/uploads\/2026\/02\/1770224314809-1024x770.jpg\" class=\"attachment-large size-large\" alt=\"\" srcset=\"https:\/\/estac.eu\/wp-content\/uploads\/2026\/02\/1770224314809-1024x770.jpg 1024w, https:\/\/estac.eu\/wp-content\/uploads\/2026\/02\/1770224314809-300x226.jpg 300w, https:\/\/estac.eu\/wp-content\/uploads\/2026\/02\/1770224314809-768x578.jpg 768w, https:\/\/estac.eu\/wp-content\/uploads\/2026\/02\/1770224314809-1536x1156.jpg 1536w, https:\/\/estac.eu\/wp-content\/uploads\/2026\/02\/1770224314809.jpg 1995w\" sizes=\"auto, (max-width: 1024px) 100vw, 1024px\" \/>\t\t\t\t\t<\/a>\n\t\t\t\t\t\t\t\t\t<\/div>\n\t\t\t\t\t\t<h3 class=\"uagb-post__title uagb-post__text\">\n\t\t\t\t<a href=\"https:\/\/estac.eu\/ca\/una-jornada-a-vallespir-fenolhet-i-conflent-per-examinar-in-situ-diverses-obres-incloses-en-el-projecte-lexposicio\/\" target=\"_self\" rel=\"bookmark noopener noreferrer\">Una jornada a Val\u00b7lespir, Fenolhet i Conflent, per examinar in situ diverses obres incloses en el projecte l&#8217;exposici\u00f3<\/a>\n\t\t\t<\/h3>\n\t\t\t\t\t\t<div class='uagb-post__text uagb-post-grid-byline'>\n\t\t\t\t\t\t\t\t<time datetime=\"2026-02-04T20:00:00+00:00\" class=\"uagb-post__date\">\n\t\t\t\t<span class=\"dashicons-calendar dashicons\"><\/span>\t\t\t\t\t4 de febrer de 2026\t\t\t\t<\/time>\n\t\t\t\t\t\t<\/div>\n\t\t\t\t\t\t\t<div class='uagb-post__text uagb-post__excerpt'>\n\t\t\t\t\t<p>En el marc de la preparaci\u00f3 de l&#8217;exposici\u00f3 Temps del Renaixement \/ Temps de la&#8230;\t\t\t\t<\/div>\n\t\t\t\t\t\t<div class=\"uagb-post__text uagb-post__cta wp-block-button\">\n\t\t\t\t<a class=\"wp-block-button__link uagb-text-link\" style=\"\" href=\"https:\/\/estac.eu\/ca\/una-jornada-a-vallespir-fenolhet-i-conflent-per-examinar-in-situ-diverses-obres-incloses-en-el-projecte-lexposicio\/\" target=\"_self\" rel=\"bookmark noopener noreferrer\">Read More<\/a>\n\t\t\t<\/div>\n\t\t\t\n\t\t\t\t\t\t\t\t\t<\/article>\n\t\t\t\t\t\t\t\t\t\t\t\t\t\t\t\t<article class=\"uagb-post__inner-wrap\">\t\t\t\t\t\t\t\t<div class='uagb-post__image'>\n\t\t\t\t\t\t\t\t\t<a href=\"https:\/\/estac.eu\/ca\/seminaire-joaquim-garriga-etat-de-la-recherche-defis-problematiques-et-theses-en-cours\/\" target=\"_self\" rel=\"bookmark noopener noreferrer\"><img loading=\"lazy\" decoding=\"async\" width=\"724\" height=\"1024\" src=\"https:\/\/estac.eu\/wp-content\/uploads\/2025\/11\/Seminaire-Quim-Garriga-724x1024.png\" class=\"attachment-large size-large\" alt=\"\" srcset=\"https:\/\/estac.eu\/wp-content\/uploads\/2025\/11\/Seminaire-Quim-Garriga-724x1024.png 724w, https:\/\/estac.eu\/wp-content\/uploads\/2025\/11\/Seminaire-Quim-Garriga-212x300.png 212w, https:\/\/estac.eu\/wp-content\/uploads\/2025\/11\/Seminaire-Quim-Garriga-768x1086.png 768w, https:\/\/estac.eu\/wp-content\/uploads\/2025\/11\/Seminaire-Quim-Garriga-1086x1536.png 1086w, https:\/\/estac.eu\/wp-content\/uploads\/2025\/11\/Seminaire-Quim-Garriga.png 1414w\" sizes=\"auto, (max-width: 724px) 100vw, 724px\" \/>\t\t\t\t\t<\/a>\n\t\t\t\t\t\t\t\t\t<\/div>\n\t\t\t\t\t\t<h3 class=\"uagb-post__title uagb-post__text\">\n\t\t\t\t<a href=\"https:\/\/estac.eu\/ca\/seminaire-joaquim-garriga-etat-de-la-recherche-defis-problematiques-et-theses-en-cours\/\" target=\"_self\" rel=\"bookmark noopener noreferrer\">Seminari Joaquim Garriga: \u201cEstat de la investigaci\u00f3: reptes, problem\u00e0tiques i tesis en curs\u201d<\/a>\n\t\t\t<\/h3>\n\t\t\t\t\t\t<div class='uagb-post__text uagb-post-grid-byline'>\n\t\t\t\t\t\t\t\t<time datetime=\"2025-11-05T12:24:32+00:00\" class=\"uagb-post__date\">\n\t\t\t\t<span class=\"dashicons-calendar dashicons\"><\/span>\t\t\t\t\t5 de novembre de 2025\t\t\t\t<\/time>\n\t\t\t\t\t\t<\/div>\n\t\t\t\t\t\t\t<div class='uagb-post__text uagb-post__excerpt'>\n\t\t\t\t\t<p>El 14 de novembre de 2025, a la UdG, tindr\u00e0 lloc la primera trobada del&#8230;\t\t\t\t<\/div>\n\t\t\t\t\t\t<div class=\"uagb-post__text uagb-post__cta wp-block-button\">\n\t\t\t\t<a class=\"wp-block-button__link uagb-text-link\" style=\"\" href=\"https:\/\/estac.eu\/ca\/seminaire-joaquim-garriga-etat-de-la-recherche-defis-problematiques-et-theses-en-cours\/\" target=\"_self\" rel=\"bookmark noopener noreferrer\">Read More<\/a>\n\t\t\t<\/div>\n\t\t\t\n\t\t\t\t\t\t\t\t\t<\/article>\n\t\t\t\t\t\t\t\t\t\t\t\t\t\t\t\t<article class=\"uagb-post__inner-wrap\">\t\t\t\t\t\t\t\t<h3 class=\"uagb-post__title uagb-post__text\">\n\t\t\t\t<a href=\"https:\/\/estac.eu\/ca\/seminari-dhistoria-social-de-lart-a-la-upvd-lestudi-dels-interiors-domestics-dels-segles-xvii-i-xviii-fonts-i-perspectives-danalisi-per-la-historia-de-l\/\" target=\"_self\" rel=\"bookmark noopener noreferrer\">Seminari d\u2019Hist\u00f2ria Social de l\u2019Art a la UPVD: \u201cL\u2019estudi dels interiors dom\u00e8stics dels segles XVII i XVIII. Fonts i perspectives d\u2019an\u00e0lisi per la hist\u00f2ria de l\u2019art\u201d per Anna Nadal (UdG)<\/a>\n\t\t\t<\/h3>\n\t\t\t\t\t\t<div class='uagb-post__text uagb-post-grid-byline'>\n\t\t\t\t\t\t\t\t<time datetime=\"2025-10-14T08:00:00+00:00\" class=\"uagb-post__date\">\n\t\t\t\t<span class=\"dashicons-calendar dashicons\"><\/span>\t\t\t\t\t14 d&#039;octubre de 2025\t\t\t\t<\/time>\n\t\t\t\t\t\t<\/div>\n\t\t\t\t\t\t\t<div class='uagb-post__text uagb-post__excerpt'>\n\t\t\t\t\t<p>Dimecres 15 d\u2019octubre de 2025, de 16 h a 18 h, Anna Nadal, doctoranda en&#8230;\t\t\t\t<\/div>\n\t\t\t\t\t\t<div class=\"uagb-post__text uagb-post__cta wp-block-button\">\n\t\t\t\t<a class=\"wp-block-button__link uagb-text-link\" style=\"\" href=\"https:\/\/estac.eu\/ca\/seminari-dhistoria-social-de-lart-a-la-upvd-lestudi-dels-interiors-domestics-dels-segles-xvii-i-xviii-fonts-i-perspectives-danalisi-per-la-historia-de-l\/\" target=\"_self\" rel=\"bookmark noopener noreferrer\">Read More<\/a>\n\t\t\t<\/div>\n\t\t\t\n\t\t\t\t\t\t\t\t\t<\/article>\n\t\t\t\t\t\t\t\t\t\t\t<\/div>\n\t\t\t<\/div><\/div>\n\n<div class=\"wp-block-uagb-container uagb-block-f7526dc1 alignfull uagb-is-root-container\"><div class=\"uagb-container-inner-blocks-wrap\">\n<div class=\"wp-block-uagb-container uagb-block-e9939c15\">\n<div class=\"wp-block-uagb-advanced-heading uagb-block-7f825b9d\"><h2 class=\"uagb-heading-text\">Els nostres socis<\/h2><\/div>\n\n\n\n<div class=\"wp-block-uagb-container uagb-block-0292fcb8\">\n<p class=\"has-text-align-center has-ast-global-color-1-color has-text-color has-link-color wp-elements-0c8c7dec382c6b6c2910abdd4d3b9954\">Confien en nosaltres i ens donen suport en els nostres projectes. <br\/>Descobriu les empreses, institucions i actors compromesos amb nosaltres per fer avan\u00e7ar les nostres missions.<\/p>\n<\/div>\n\n\n<style id=\"wp_carousel_dynamic_css734\">.sp-wp-carousel-free-id-734.wpcf-fancybox-wrapper .fancybox-bg{background: #0b0b0b;opacity: 0.8;}.sp-wp-carousel-free-id-734.wpcf-fancybox-wrapper .fancybox-navigation .fancybox-button .wpcp-fancybox-nav-arrow i {color: #ccc;}.sp-wp-carousel-free-id-734.wpcf-fancybox-wrapper .fancybox-navigation .fancybox-button .wpcp-fancybox-nav-arrow i:hover {color: #fff;}.sp-wp-carousel-free-id-734.wpcf-fancybox-wrapper .fancybox-navigation .fancybox-button {background: #1e1e1e;}.sp-wp-carousel-free-id-734.wpcf-fancybox-wrapper .fancybox-navigation .fancybox-button:hover {background: #1e1e1e;}#sp-wp-carousel-free-id-734 .wpcp-swiper-dots {margin: 40px 0px 0px 0px;}.wpcp-wrapper-734 .swiper-wrapper .swiper-slide-kenburn, .wpcp-wrapper-734 .swiper-wrapper, .wpcp-wrapper-734 .wpcpro-row{align-items: center;}#sp-wp-carousel-free-id-734 .wpcp-single-item {box-shadow: 0px 0px 0px 0px #dddddd;transition: all .3s;margin: 0px;}#sp-wp-carousel-free-id-734.swiper-flip .wpcp-single-item{margin: 0!important;}#sp-wp-carousel-free-id-734 .wpcp-single-item:hover {box-shadow: 0px 0px 0px 0px #dddddd;}#sp-wp-carousel-free-id-734.sp-wpcp-734 .wpcp-single-item {border: 1px none #dddddd;}#sp-wp-carousel-free-id-734.wpcp-carousel-section.sp-wpcp-734 .swiper-button-prev,#sp-wp-carousel-free-id-734.wpcp-carousel-section.sp-wpcp-734 .swiper-button-next,#sp-wp-carousel-free-id-734.wpcp-carousel-section.sp-wpcp-734 .swiper-button-prev:hover,#sp-wp-carousel-free-id-734.wpcp-carousel-section.sp-wpcp-734 .swiper-button-next:hover {font-size: 18px ; font-weight: 400;}#sp-wp-carousel-free-id-734.sp-wpcp-734 .swiper-button-prev,#sp-wp-carousel-free-id-734.sp-wpcp-734 .swiper-button-next,#sp-wp-carousel-free-id-734.sp-wpcp-734 .swiper-button-prev:hover,#sp-wp-carousel-free-id-734.sp-wpcp-734 .swiper-button-next:hover {background: none;border: none;font-size: 30px;}#sp-wp-carousel-free-id-734.sp-wpcp-734 .swiper-button-prev i,#sp-wp-carousel-free-id-734.sp-wpcp-734 .swiper-button-next i {color: #787fbd;}#sp-wp-carousel-free-id-734.sp-wpcp-734 .swiper-button-prev i:hover,#sp-wp-carousel-free-id-734.sp-wpcp-734 .swiper-button-next i:hover {color: #2a2a64;}#sp-wp-carousel-free-id-734.sp-wpcp-734 .wpcp-swiper-dots .swiper-pagination-bullet {background-color: #787fbd;}#sp-wp-carousel-free-id-734.sp-wpcp-734 .wpcp-swiper-dots .swiper-pagination-bullet.swiper-pagination-bullet-active {background-color: #2a2a64;} #sp-wp-carousel-free-id-734.sp-wpcp-734.wpcp-image-carousel .wpcp-single-item:hover img, #sp-wp-carousel-free-id-734.sp-wpcp-734.wpcp-post-carousel .wpcp-single-item:hover img, #sp-wp-carousel-free-id-734.sp-wpcp-734.wpcp-product-carousel .wpcp-single-item:hover img{-webkit-transform: scale(1.2);-moz-transform: scale(1.2);transform: scale(1.2);}#sp-wp-carousel-free-id-734 .wpcpro-row>[class*=\"wpcpro-col-\"] { padding: 0 10px; padding-bottom: 20px;} #sp-wp-carousel-free-id-734 .swiper-slide .single-item-fade:not(:last-child) { margin-right: 20px;}@media (min-width: 480px) { .wpcpro-row .wpcpro-col-sm-1 { flex: 0 0 100%; max-width: 100%; } .wpcpro-row .wpcpro-col-sm-2 { flex: 0 0 50%; max-width: 50%; } .wpcpro-row .wpcpro-col-sm-2-5 { flex: 0 0 75%; max-width: 75%; } .wpcpro-row .wpcpro-col-sm-3 { flex: 0 0 33.333%; max-width: 33.333%; } .wpcpro-row .wpcpro-col-sm-4 { flex: 0 0 25%; max-width: 25%; } .wpcpro-row .wpcpro-col-sm-5 { flex: 0 0 20%; max-width: 20%; } .wpcpro-row .wpcpro-col-sm-6 { flex: 0 0 16.66666666666667%; max-width: 16.66666666666667%; } .wpcpro-row .wpcpro-col-sm-7 { flex: 0 0 14.28571428%; max-width: 14.28571428%; } .wpcpro-row .wpcpro-col-sm-8 { flex: 0 0 12.5%; max-width: 12.5%; } } @media (max-width: 480px) { .wpcpro-row .wpcpro-col-xs-1 { flex: 0 0 100%; max-width: 100%; } .wpcpro-row .wpcpro-col-xs-2 { flex: 0 0 50%; max-width: 50%; } .wpcpro-row .wpcpro-col-xs-3 { flex: 0 0 33.222%; max-width: 33.222%; } .wpcpro-row .wpcpro-col-xs-4 { flex: 0 0 25%; max-width: 25%; } .wpcpro-row .wpcpro-col-xs-5 { flex: 0 0 20%; max-width: 20%; } .wpcpro-row .wpcpro-col-xs-6 { flex: 0 0 16.6667%; max-width: 16.6667%; } .wpcpro-row .wpcpro-col-xs-7 { flex: 0 0 14.28571428%; max-width: 14.28571428%; } .wpcpro-row .wpcpro-col-xs-8 { flex: 0 0 12.5%; max-width: 12.5%; } } @media (min-width: 736px) { .wpcpro-row .wpcpro-col-md-1 { flex: 0 0 100%; max-width: 100%; } .wpcpro-row .wpcpro-col-md-2 { flex: 0 0 50%; max-width: 50%; } .wpcpro-row .wpcpro-col-md-2-5 { flex: 0 0 75%; max-width: 75%; } .wpcpro-row .wpcpro-col-md-3 { flex: 0 0 33.333%; max-width: 33.333%; } .wpcpro-row .wpcpro-col-md-4 { flex: 0 0 25%; max-width: 25%; } .wpcpro-row .wpcpro-col-md-5 { flex: 0 0 20%; max-width: 20%; } .wpcpro-row .wpcpro-col-md-6 { flex: 0 0 16.66666666666667%; max-width: 16.66666666666667%; } .wpcpro-row .wpcpro-col-md-7 { flex: 0 0 14.28571428%; max-width: 14.28571428%; } .wpcpro-row .wpcpro-col-md-8 { flex: 0 0 12.5%; max-width: 12.5%; } } @media (min-width: 980px) { .wpcpro-row .wpcpro-col-lg-1 { flex: 0 0 100%; max-width: 100%; } .wpcpro-row .wpcpro-col-lg-2 { flex: 0 0 50%; max-width: 50%; } .wpcpro-row .wpcpro-col-lg-3 { flex: 0 0 33.222%; max-width: 33.222%; } .wpcpro-row .wpcpro-col-lg-4 { flex: 0 0 25%; max-width: 25%; } .wpcpro-row .wpcpro-col-lg-5 { flex: 0 0 20%; max-width: 20%; } .wpcpro-row .wpcpro-col-lg-6 { flex: 0 0 16.6667%; max-width: 16.6667%; } .wpcpro-row .wpcpro-col-lg-7 { flex: 0 0 14.28571428%; max-width: 14.28571428%; } .wpcpro-row .wpcpro-col-lg-8 { flex: 0 0 12.5%; max-width: 12.5%; } } @media (min-width: 1200px) { .wpcpro-row .wpcpro-col-xl-1 { flex: 0 0 100%; max-width: 100%; } .wpcpro-row .wpcpro-col-xl-2 { flex: 0 0 50%; max-width: 50%; } .wpcpro-row .wpcpro-col-xl-3 { flex: 0 0 33.22222222%; max-width: 33.22222222%; } .wpcpro-row .wpcpro-col-xl-4 { flex: 0 0 25%; max-width: 25%; } .wpcpro-row .wpcpro-col-xl-5 { flex: 0 0 20%; max-width: 20%; } .wpcpro-row .wpcpro-col-xl-6 { flex: 0 0 16.66667%; max-width: 16.66667%; } .wpcpro-row .wpcpro-col-xl-7 { flex: 0 0 14.28571428%; max-width: 14.28571428%; } .wpcpro-row .wpcpro-col-xl-8 { flex: 0 0 12.5%; max-width: 12.5%; } }<\/style><div class=\"wpcp-carousel-wrapper wpcp-wrapper-734\">\n\t<div id=\"wpcp-preloader-734\" class=\"wpcp-carousel-preloader\"><img decoding=\"async\" src=\"https:\/\/estac.eu\/wp-content\/plugins\/wp-carousel-free\/public\/css\/spinner.svg\" alt=\"Preloader Image\" \/><\/div>\t<div class=\"wpcp-carousel-content-wrapper\">\n\t<div id=\"sp-wp-carousel-free-id-734\" class=\"wpcp-carousel-section sp-wpcp-734  nav-vertical-center wpcp-image-carousel wpcp-preloader wpcp-standard wpcp-center\" data-swiper='{ &quot;pagination_type&quot;: &quot;dots&quot;,&quot;accessibility&quot;:true, &quot;spaceBetween&quot;:20, &quot;arrows&quot;:true, &quot;freeMode&quot;: false, &quot;autoplay&quot;:true, &quot;effect&quot;: &quot;slide&quot;, &quot;centerMode&quot;: true, &quot;autoplaySpeed&quot;:3000, &quot;dots&quot;:true, &quot;infinite&quot;:true, &quot;speed&quot;:600, &quot;pauseOnHover&quot;:true,\n\t\t\t&quot;slidesToShow&quot;:{&quot;lg_desktop&quot;:3, &quot;desktop&quot;: 3, &quot;laptop&quot;: 3, &quot;tablet&quot;: 2, &quot;mobile&quot;: 1}, &quot;responsive&quot;:{&quot;desktop&quot;:1200, &quot;laptop&quot;: 980, &quot;tablet&quot;: 736, &quot;mobile&quot;: 480}, &quot;rtl&quot;:false, &quot;lazyLoad&quot;: &quot;false&quot;, &quot;swipe&quot;: true, &quot;draggable&quot;: true, &quot;swipeToSlide&quot;:false }' dir=\"ltr\">\n\t\t<div class=\"swiper-wrapper\">\n\t\t<div class=\"swiper-slide\">\n\t<div class=\"wpcp-single-item\">\n\t\t\t<a class=\"wcp-light-box\" data-buttons='[\"close\"]' data-wpc_url='https:\/\/estac.eu\/wp-content\/uploads\/2025\/06\/Primer_plano.png' href=\"https:\/\/estac.eu\/wp-content\/uploads\/2025\/06\/Primer_plano.png\" data-fancybox=\"wpcp_view\">\n\t\t<figure>\n\t\t\t<img loading=\"lazy\" decoding=\"async\" class=\"skip-lazy\" src=\"https:\/\/estac.eu\/wp-content\/uploads\/2025\/06\/Primer_plano.png\" alt=\"Logo Generalitat de catalunya\" width=\"200\" height=\"60\">\t\t<\/figure>\n\t<\/a>\n\t\t<\/div>\n<\/div>\n\t<div class=\"swiper-slide\">\n\t<div class=\"wpcp-single-item\">\n\t\t\t<a class=\"wcp-light-box\" data-buttons='[\"close\"]' data-wpc_url='https:\/\/estac.eu\/wp-content\/uploads\/2025\/06\/Capa_1-1.png' href=\"https:\/\/estac.eu\/wp-content\/uploads\/2025\/06\/Capa_1-1.png\" data-fancybox=\"wpcp_view\">\n\t\t<figure>\n\t\t\t<img loading=\"lazy\" decoding=\"async\" class=\"skip-lazy\" src=\"https:\/\/estac.eu\/wp-content\/uploads\/2025\/06\/Capa_1-1.png\" alt=\"Logo Xarxa Vives\" width=\"249\" height=\"56\">\t\t<\/figure>\n\t<\/a>\n\t\t<\/div>\n<\/div>\n\t<div class=\"swiper-slide\">\n\t<div class=\"wpcp-single-item\">\n\t\t\t<a class=\"wcp-light-box\" data-buttons='[\"close\"]' data-wpc_url='https:\/\/estac.eu\/wp-content\/uploads\/2025\/06\/Group-48.png' href=\"https:\/\/estac.eu\/wp-content\/uploads\/2025\/06\/Group-48.png\" data-fancybox=\"wpcp_view\">\n\t\t<figure>\n\t\t\t<img loading=\"lazy\" decoding=\"async\" class=\"skip-lazy\" src=\"https:\/\/estac.eu\/wp-content\/uploads\/2025\/06\/Group-48.png\" alt=\"Logo Across\" width=\"239\" height=\"31\">\t\t<\/figure>\n\t<\/a>\n\t\t<\/div>\n<\/div>\n\t\t\t<\/div>\n\t\t\t\t\t<div class=\"wpcp-swiper-dots swiper-pagination\"><\/div>\n\t\t\t\t<!-- If we need navigation buttons -->\n\t\t\t\t\t<div class=\"wpcp-prev-button swiper-button-prev\"><i class=\"fa fa-angle-left\"><\/i><\/div>\n\t\t\t<div class=\"wpcp-next-button swiper-button-next\"><i class=\"fa fa-angle-right\"><\/i><\/div>\n\t\t\t<\/div>\n\t<\/div>\n<\/div>\n\n<\/div>\n<\/div><\/div>\n\n<div class=\"wp-block-uagb-container uagb-block-9ac896f7 alignfull uagb-is-root-container\"><div class=\"uagb-container-inner-blocks-wrap\">\n<div class=\"wp-block-uagb-advanced-heading uagb-block-faa98fb4\"><h2 class=\"uagb-heading-text\">Les nostres realitzacions<\/h2><\/div>\n\n\n\n<div class=\"wp-block-uagb-container uagb-block-a0f0826f\">\n<p class=\"has-text-align-center has-ast-global-color-1-color has-text-color has-link-color wp-elements-738493a8090b03e09e39c3b4d35530ef\">El projecte ESTAC s&#8217;estructura segons tres eixos: recerca, formaci\u00f3 i valoritzaci\u00f3. En les seg\u00fcents seccions trobareu els resultats de les accions conductes amb l&#8217;objectiu de crear un Espai transfronterer de formaci\u00f3 i recerca: v\u00eddeos i suports dels seminaris permanents d&#8217;Hist\u00f2ria Social de l&#8217;Art i de l&#8217;Economia, base de dades compartida, seguiment de la realitzaci\u00f3 de l&#8217;exposici\u00f3 final, publicacions cient\u00edfiques i gran p\u00fablic&#8230; <\/p>\n<\/div>\n<\/div><\/div>\n\n<div class=\"wp-block-uagb-container uagb-block-0df3d739 alignfull uagb-is-root-container\"><div class=\"uagb-container-inner-blocks-wrap\">\n<div class=\"wp-block-uagb-container uagb-block-46b165b4\">\n<div class=\"wp-block-uagb-info-box uagb-block-feb04ada uagb-infobox__content-wrap  uagb-infobox-icon-above-title uagb-infobox-image-valign-top\"><div class=\"uagb-ifb-content\"><div class=\"uagb-ifb-title-wrap\"><h3 class=\"uagb-ifb-title\"><strong>Seminaris<\/strong><\/h3><\/div><p class=\"uagb-ifb-desc\">Organitzaci\u00f3 de seminaris permanents d&#8217;<strong>Hist\u00f2ria<\/strong> i <strong>Hist\u00f2ria de l&#8217;Art<\/strong> , que reuneixen investigadors, estudiants de m\u00e0ster i doctorands dels tres laboratoris associats. El contingut est\u00e0 disponible en l\u00ednia (repeticions, v\u00eddeos, resums). <\/p><div class=\"uagb-ifb-button-wrapper wp-block-button\"><a href=\"https:\/\/estac.eu\/ca\/realisations\/#seminaires\" target=\"_self\" onclick=\"return true;\" class=\"uagb-infobox-cta-link\" rel=\"noopener noreferrer\"><span class=\"uagb-inline-editing\">Ampliar not\u00edcia<\/span><svg xmlns=\"https:\/\/www.w3.org\/2000\/svg\" viewbox=\"0 0 256 512\"><path d=\"M64 448c-8.188 0-16.38-3.125-22.62-9.375c-12.5-12.5-12.5-32.75 0-45.25L178.8 256L41.38 118.6c-12.5-12.5-12.5-32.75 0-45.25s32.75-12.5 45.25 0l160 160c12.5 12.5 12.5 32.75 0 45.25l-160 160C80.38 444.9 72.19 448 64 448z\"><\/path><\/svg><\/a><\/div><\/div><\/div>\n<\/div>\n\n\n\n<div class=\"wp-block-uagb-container uagb-block-e80d01e2\">\n<div class=\"wp-block-uagb-info-box uagb-block-f2d6f04a uagb-infobox__content-wrap  uagb-infobox-icon-above-title uagb-infobox-image-valign-top wp-block-uagb-info-box--has-margin\"><div class=\"uagb-infobox-margin-wrapper\"><div class=\"uagb-ifb-content\"><div class=\"uagb-ifb-title-wrap\"><h3 class=\"uagb-ifb-title\">Base de dades<\/h3><\/div><p class=\"uagb-ifb-desc\">Reunir les dues bases de dades documentals dels laboratoris associats per promoure la interoperabilitat, permetre l&#8217;acc\u00e9s a recursos compartits i facilitar la recerca comparativa transfronterera.<\/p><div class=\"uagb-ifb-button-wrapper wp-block-button\"><a href=\"https:\/\/estac.eu\/ca\/realisations\/#base\" target=\"_self\" onclick=\"return true;\" class=\"uagb-infobox-cta-link\" rel=\"noopener noreferrer\"><span class=\"uagb-inline-editing\">Ampliar not\u00edcia<\/span><svg xmlns=\"https:\/\/www.w3.org\/2000\/svg\" viewbox=\"0 0 256 512\"><path d=\"M64 448c-8.188 0-16.38-3.125-22.62-9.375c-12.5-12.5-12.5-32.75 0-45.25L178.8 256L41.38 118.6c-12.5-12.5-12.5-32.75 0-45.25s32.75-12.5 45.25 0l160 160c12.5 12.5 12.5 32.75 0 45.25l-160 160C80.38 444.9 72.19 448 64 448z\"><\/path><\/svg><\/a><\/div><\/div><\/div><\/div>\n<\/div>\n\n\n\n<div class=\"wp-block-uagb-container uagb-block-08edfa73\">\n<div class=\"wp-block-uagb-info-box uagb-block-6ca107a4 uagb-infobox__content-wrap  uagb-infobox-icon-above-title uagb-infobox-image-valign-top wp-block-uagb-info-box--has-margin\"><div class=\"uagb-infobox-margin-wrapper\"><div class=\"uagb-ifb-content\"><div class=\"uagb-ifb-title-wrap\"><h3 class=\"uagb-ifb-title\">Exposici\u00f3<\/h3><\/div><p class=\"uagb-ifb-desc\">L&#8217;exposici\u00f3 ESTAC s&#8217;est\u00e0 preparant! Aquesta part del projecte forma part del nostre eix de valoritzaci\u00f3 de les accions de recerca i formaci\u00f3 desenvolupades al llarg del projecte, a trav\u00e9s de diverses activitats.  <\/p><div class=\"uagb-ifb-button-wrapper wp-block-button\"><a href=\"https:\/\/estac.eu\/ca\/realisations\/#exposition\" target=\"_self\" onclick=\"return true;\" class=\"uagb-infobox-cta-link\" rel=\"noopener noreferrer\"><span class=\"uagb-inline-editing\">Ampliar not\u00edcia<\/span><svg xmlns=\"https:\/\/www.w3.org\/2000\/svg\" viewbox=\"0 0 256 512\"><path d=\"M64 448c-8.188 0-16.38-3.125-22.62-9.375c-12.5-12.5-12.5-32.75 0-45.25L178.8 256L41.38 118.6c-12.5-12.5-12.5-32.75 0-45.25s32.75-12.5 45.25 0l160 160c12.5 12.5 12.5 32.75 0 45.25l-160 160C80.38 444.9 72.19 448 64 448z\"><\/path><\/svg><\/a><\/div><\/div><\/div><\/div>\n<\/div>\n\n\n\n<div class=\"wp-block-uagb-container uagb-block-991437b7\">\n<div class=\"wp-block-uagb-info-box uagb-block-474eff40 uagb-infobox__content-wrap  uagb-infobox-icon-above-title uagb-infobox-image-valign-top wp-block-uagb-info-box--has-margin\"><div class=\"uagb-infobox-margin-wrapper\"><div class=\"uagb-ifb-content\"><div class=\"uagb-ifb-title-wrap\"><h3 class=\"uagb-ifb-title\">Publicacions<\/h3><\/div><p class=\"uagb-ifb-desc\">Publicacions cient\u00edfiques i de gran p\u00fablic al voltant dels eixos comuns d&#8217;investigaci\u00f3<br\/>Actes de col\u00b7loquis<br\/>Articles<br\/>Cat\u00e0leg d&#8217;exposici\u00f3 multiling\u00fce<br\/>Guies de bones pr\u00e0ctiques&#8230; <\/p><div class=\"uagb-ifb-button-wrapper wp-block-button\"><a href=\"https:\/\/estac.eu\/ca\/realisations\/#publications\" target=\"_self\" onclick=\"return true;\" class=\"uagb-infobox-cta-link\" rel=\"noopener noreferrer\"><span class=\"uagb-inline-editing\">Ampliar not\u00edcia<\/span><svg xmlns=\"https:\/\/www.w3.org\/2000\/svg\" viewbox=\"0 0 256 512\"><path d=\"M64 448c-8.188 0-16.38-3.125-22.62-9.375c-12.5-12.5-12.5-32.75 0-45.25L178.8 256L41.38 118.6c-12.5-12.5-12.5-32.75 0-45.25s32.75-12.5 45.25 0l160 160c12.5 12.5 12.5 32.75 0 45.25l-160 160C80.38 444.9 72.19 448 64 448z\"><\/path><\/svg><\/a><\/div><\/div><\/div><\/div>\n<\/div>\n<\/div><\/div>\n\n<div class=\"wp-block-uagb-container uagb-block-e460d63f alignfull uagb-is-root-container\"><div class=\"uagb-container-inner-blocks-wrap\">\n<div class=\"wp-block-uagb-info-box uagb-block-2d9e82ad uagb-infobox__content-wrap  uagb-infobox-icon-above-title uagb-infobox-image-valign-top wp-block-uagb-info-box--has-margin\"><div class=\"uagb-infobox-margin-wrapper\"><div class=\"uagb-ifb-content\"><div class=\"uagb-ifb-title-wrap\"><div class=\"uagb-ifb-separator\"><\/div><h2 class=\"uagb-ifb-title\">Une question, un besoin, <br>ou simplement envie de rester inform\u00e9(e) ?<\/h2><\/div><p class=\"uagb-ifb-desc\">N\u2019h\u00e9sitez pas \u00e0 nous \u00e9crire pour toute demande ou pour recevoir notre bulletin d\u2019information.<\/p><div class=\"uagb-ifb-button-wrapper wp-block-button\"><a href=\"\/contact\/\" class=\"uagb-infobox-cta-link wp-block-button__link\" target=\"_self\" rel=\"noopener noreferrer\" onclick=\"return true;\"><span class=\"uagb-inline-editing\">contactez-nous<\/span><\/a><\/div><\/div><\/div><\/div>\n<\/div><\/div>\n\n\n\n<div class=\"wp-block-uagb-container uagb-block-77a2bcd0 alignfull uagb-is-root-container\"><div class=\"uagb-container-inner-blocks-wrap\">\n<div class=\"wp-block-uagb-container uagb-block-e28b1459\">\n<div class=\"wp-block-uagb-advanced-heading uagb-block-a93f54f2\"><h2 class=\"uagb-heading-text\">Projet financ\u00e9 par<\/h2><\/div>\n<\/div>\n\n\n\n<div class=\"wp-block-uagb-container uagb-block-86fc51d9\">\n<div class=\"wp-block-uagb-image uagb-block-bacac494 wp-block-uagb-image--layout-default wp-block-uagb-image--effect-static wp-block-uagb-image--align-none\"><figure class=\"wp-block-uagb-image__figure\"><img decoding=\"async\" srcset=\"https:\/\/estac.hybride.dev\/wp-content\/uploads\/2025\/06\/logos-financeurs-1024x140.png ,https:\/\/estac.hybride.dev\/wp-content\/uploads\/2025\/06\/logos-financeurs-scaled.png 780w, https:\/\/estac.hybride.dev\/wp-content\/uploads\/2025\/06\/logos-financeurs-scaled.png 360w\" sizes=\"auto, (max-width: 480px) 150px\" src=\"https:\/\/estac.hybride.dev\/wp-content\/uploads\/2025\/06\/logos-financeurs-1024x140.png\" alt=\"\" class=\"uag-image-1123\" width=\"2955\" height=\"403\" title=\"logos financeurs\" loading=\"lazy\" role=\"img\"\/><\/figure><\/div>\n<\/div>\n<\/div><\/div>\n\n\n\n<hr class=\"wp-block-separator has-text-color has-alpha-channel-opacity has-background is-style-wide\" style=\"margin-top:var(--wp--preset--spacing--50);margin-bottom:var(--wp--preset--spacing--50);background-color:#8a8acf7d;color:#8a8acf7d\"\/>\n\n\n\n<div class=\"wp-block-uagb-container uagb-block-f5961681 alignfull uagb-is-root-container\"><div class=\"uagb-container-inner-blocks-wrap\">\n<div class=\"wp-block-uagb-container uagb-block-3e4a771f\">\n<div class=\"wp-block-uagb-image alignleft uagb-block-f02bafcb wp-block-uagb-image--layout-default wp-block-uagb-image--effect-static wp-block-uagb-image--align-left\"><figure class=\"wp-block-uagb-image__figure\"><img decoding=\"async\" srcset=\"https:\/\/estac.hybride.dev\/wp-content\/uploads\/2025\/07\/Logo-Estac-Baseline-RVB.svg ,https:\/\/estac.hybride.dev\/wp-content\/uploads\/2025\/07\/Logo-Estac-Baseline-RVB.svg 780w, https:\/\/estac.hybride.dev\/wp-content\/uploads\/2025\/07\/Logo-Estac-Baseline-RVB.svg 360w\" sizes=\"auto, (max-width: 480px) 150px\" src=\"https:\/\/estac.hybride.dev\/wp-content\/uploads\/2025\/07\/Logo-Estac-Baseline-RVB.svg\" alt=\"\" class=\"uag-image-1142\" width=\"230\" height=\"117\" title=\"Logo-Estac-Baseline-RVB\" loading=\"lazy\" role=\"img\"\/><\/figure><\/div>\n<\/div>\n\n\n\n<div class=\"wp-block-uagb-container uagb-block-6af9e79f\">\n<div class=\"wp-block-uagb-advanced-heading uagb-block-a7a26c36\"><h3 class=\"uagb-heading-text\">Coordonn\u00e9es de la manager du projet<strong> Interreg POCTEFA ESTAC<\/strong><\/h3><\/div>\n\n\n\n<div class=\"wp-block-uagb-container uagb-block-372e2d9f\">\n<p class=\"has-text-align-left\" style=\"font-style:normal;font-weight:500;text-transform:none\">Margault Coste-Hequet<br>04 68 08 18 37<br>estac@univ-perp.fr<\/p>\n<\/div>\n<\/div>\n\n\n\n<div class=\"wp-block-uagb-container uagb-block-8aaafb2b\">\n<div class=\"wp-block-uagb-advanced-heading uagb-block-4372ca3f\"><h3 class=\"uagb-heading-text\">Suivez- nous !<\/h3><\/div>\n\n\n      \n\t\t\t<div class=\"uagb-icon-wrapper uagb-block-47d1351d      \"\n\t\t\tstyle=\"\" >\n\t\t\t\t\t\t\t\t\t<span class=\"uagb-svg-wrapper\" \n\t\t\t\t\t aria-label=\"linkedin-in\"\t\t\t\t\ttabindex=\"0\">\t\t\n\t\t\t\t\t\t\t\t\t\t<svg xmlns=\"https:\/\/www.w3.org\/2000\/svg\" viewBox= \"0 0 448 512\" role=\"graphics-symbol\" aria-hidden=\"false\" aria-label=\"\"><path d=\"M100.3 448H7.4V148.9h92.88zM53.79 108.1C24.09 108.1 0 83.5 0 53.8a53.79 53.79 0 0 1 107.6 0c0 29.7-24.1 54.3-53.79 54.3zM447.9 448h-92.68V302.4c0-34.7-.7-79.2-48.29-79.2-48.29 0-55.69 37.7-55.69 76.7V448h-92.78V148.9h89.08v40.8h1.3c12.4-23.5 42.69-48.3 87.88-48.3 94 0 111.3 61.9 111.3 142.3V448z\"><\/path><\/svg>\n\t\t\t\t\t\t\t\t\t<\/span>\n\t\t\t\t\t\t\t<\/div>\n\t\t\t\n\n\n<div class=\"wp-block-uagb-buttons uagb-buttons__outer-wrap uagb-btn__default-btn uagb-btn-tablet__default-btn uagb-btn-mobile__default-btn uagb-block-c5e00d18\"><div class=\"uagb-buttons__wrap uagb-buttons-layout-wrap \">\n<div class=\"wp-block-uagb-buttons-child uagb-buttons__outer-wrap uagb-block-8833829e wp-block-button\"><div class=\"uagb-button__wrapper\"><a class=\"uagb-buttons-repeater wp-block-button__link\" aria-label=\"\" href=\"https:\/\/ec.europa.eu\/regional_policy\/home_fr\" rel=\"follow noopener\" target=\"_blank\" role=\"button\"><div class=\"uagb-button__link\">politique r\u00e9gionale de l\u2019Union europ\u00e9enne<\/div><\/a><\/div><\/div>\n<\/div><\/div>\n<\/div>\n<\/div><\/div>\n\n<p><\/p>\n\n<p><\/p>\n","protected":false},"excerpt":{"rendered":"<p>ESTAC: Espai transfronterer d&#8217;educaci\u00f3 i investigaci\u00f3 Per compartir coneixements entre Perpiny\u00e0 i Girona Accions conjuntes de formaci\u00f3, seminaris de recerca [&hellip;]<\/p>\n","protected":false},"author":4,"featured_media":0,"parent":0,"menu_order":0,"comment_status":"closed","ping_status":"closed","template":"","meta":{"inline_featured_image":false,"_uag_custom_page_level_css":"","site-sidebar-layout":"default","site-content-layout":"","ast-site-content-layout":"default","site-content-style":"default","site-sidebar-style":"default","ast-global-header-display":"","ast-banner-title-visibility":"","ast-main-header-display":"","ast-hfb-above-header-display":"","ast-hfb-below-header-display":"","ast-hfb-mobile-header-display":"","site-post-title":"disabled","ast-breadcrumbs-content":"","ast-featured-img":"","footer-sml-layout":"","ast-disable-related-posts":"","theme-transparent-header-meta":"","adv-header-id-meta":"","stick-header-meta":"","header-above-stick-meta":"","header-main-stick-meta":"","header-below-stick-meta":"","astra-migrate-meta-layouts":"default","ast-page-background-enabled":"default","ast-page-background-meta":{"desktop":{"background-color":"var(--ast-global-color-4)","background-image":"","background-repeat":"repeat","background-position":"center center","background-size":"auto","background-attachment":"scroll","background-type":"","background-media":"","overlay-type":"","overlay-color":"","overlay-opacity":"","overlay-gradient":""},"tablet":{"background-color":"","background-image":"","background-repeat":"repeat","background-position":"center center","background-size":"auto","background-attachment":"scroll","background-type":"","background-media":"","overlay-type":"","overlay-color":"","overlay-opacity":"","overlay-gradient":""},"mobile":{"background-color":"","background-image":"","background-repeat":"repeat","background-position":"center center","background-size":"auto","background-attachment":"scroll","background-type":"","background-media":"","overlay-type":"","overlay-color":"","overlay-opacity":"","overlay-gradient":""}},"ast-content-background-meta":{"desktop":{"background-color":"var(--ast-global-color-5)","background-image":"","background-repeat":"repeat","background-position":"center center","background-size":"auto","background-attachment":"scroll","background-type":"","background-media":"","overlay-type":"","overlay-color":"","overlay-opacity":"","overlay-gradient":""},"tablet":{"background-color":"var(--ast-global-color-5)","background-image":"","background-repeat":"repeat","background-position":"center center","background-size":"auto","background-attachment":"scroll","background-type":"","background-media":"","overlay-type":"","overlay-color":"","overlay-opacity":"","overlay-gradient":""},"mobile":{"background-color":"var(--ast-global-color-5)","background-image":"","background-repeat":"repeat","background-position":"center center","background-size":"auto","background-attachment":"scroll","background-type":"","background-media":"","overlay-type":"","overlay-color":"","overlay-opacity":"","overlay-gradient":""}},"footnotes":""},"class_list":["post-1112","page","type-page","status-publish","hentry"],"uagb_featured_image_src":{"full":false,"thumbnail":false,"medium":false,"medium_large":false,"large":false,"1536x1536":false,"2048x2048":false},"uagb_author_info":{"display_name":"Hybride Conseil","author_link":"https:\/\/estac.eu\/ca\/author\/yyo1sgal21w5\/"},"uagb_comment_info":0,"uagb_excerpt":"ESTAC: Espai transfronterer d&#8217;educaci\u00f3 i investigaci\u00f3 Per compartir coneixements entre Perpiny\u00e0 i Girona Accions conjuntes de formaci\u00f3, seminaris de recerca [&hellip;]","_links":{"self":[{"href":"https:\/\/estac.eu\/ca\/wp-json\/wp\/v2\/pages\/1112","targetHints":{"allow":["GET"]}}],"collection":[{"href":"https:\/\/estac.eu\/ca\/wp-json\/wp\/v2\/pages"}],"about":[{"href":"https:\/\/estac.eu\/ca\/wp-json\/wp\/v2\/types\/page"}],"author":[{"embeddable":true,"href":"https:\/\/estac.eu\/ca\/wp-json\/wp\/v2\/users\/4"}],"replies":[{"embeddable":true,"href":"https:\/\/estac.eu\/ca\/wp-json\/wp\/v2\/comments?post=1112"}],"version-history":[{"count":9,"href":"https:\/\/estac.eu\/ca\/wp-json\/wp\/v2\/pages\/1112\/revisions"}],"predecessor-version":[{"id":1526,"href":"https:\/\/estac.eu\/ca\/wp-json\/wp\/v2\/pages\/1112\/revisions\/1526"}],"wp:attachment":[{"href":"https:\/\/estac.eu\/ca\/wp-json\/wp\/v2\/media?parent=1112"}],"curies":[{"name":"wp","href":"https:\/\/api.w.org\/{rel}","templated":true}]}}